{"version":"1.0","provider_name":"Grupo Cecubo","provider_url":"https:\/\/www.cecubogroup.com\/pt","author_name":"","author_url":"https:\/\/www.cecubogroup.com\/pt\/blog\/author\/","title":"Seminario de Comunicaci\u00f3n Pol\u00edtica en la U.Porto - Cecubo Group","type":"rich","width":600,"height":338,"html":"<blockquote class=\"wp-embedded-content\"><a href=\"https:\/\/www.cecubogroup.com\/pt\/blog\/seminario-de-comunicacion-politica-en-la-uporto\/\">Semin\u00e1rio de Comunica\u00e7\u00e3o Pol\u00edtica na U. Porto<\/a><\/blockquote>\n<script type='text\/javascript'>\n<!--\/\/--><![CDATA[\/\/><!--\n\t\t\/*! This file is auto-generated *\/\n\t\t!function(c,d){\"use strict\";var e=!1,n=!1;if(d.querySelector)if(c.addEventListener)e=!0;if(c.wp=c.wp||{},!c.wp.receiveEmbedMessage)if(c.wp.receiveEmbedMessage=function(e){var t=e.data;if(t)if(t.secret||t.message||t.value)if(!\/[^a-zA-Z0-9]\/.test(t.secret)){for(var r,a,i,s=d.querySelectorAll('iframe[data-secret=\"'+t.secret+'\"]'),n=d.querySelectorAll('blockquote[data-secret=\"'+t.secret+'\"]'),o=0;o<n.length;o++)n[o].style.display=\"none\";for(o=0;o<s.length;o++)if(r=s[o],e.source===r.contentWindow){if(r.removeAttribute(\"style\"),\"height\"===t.message){if(1e3<(i=parseInt(t.value,10)))i=1e3;else if(~~i<200)i=200;r.height=i}if(\"link\"===t.message)if(a=d.createElement(\"a\"),i=d.createElement(\"a\"),a.href=r.getAttribute(\"src\"),i.href=t.value,i.host===a.host)if(d.activeElement===r)c.top.location.href=t.value}}},e)c.addEventListener(\"message\",c.wp.receiveEmbedMessage,!1),d.addEventListener(\"DOMContentLoaded\",t,!1),c.addEventListener(\"load\",t,!1);function t(){if(!n){n=!0;for(var e,t,r=-1!==navigator.appVersion.indexOf(\"MSIE 10\"),a=!!navigator.userAgent.match(\/Trident.*rv:11\\.\/),i=d.querySelectorAll(\"iframe.wp-embedded-content\"),s=0;s<i.length;s++){if(!(e=i[s]).getAttribute(\"data-secret\"))t=Math.random().toString(36).substr(2,10),e.src+=\"#?secret=\"+t,e.setAttribute(\"data-secret\",t);if(r||a)(t=e.cloneNode(!0)).removeAttribute(\"security\"),e.parentNode.replaceChild(t,e)}}}}(window,document);\n\/\/--><!]]>\n<\/script><iframe sandbox=\"allow-scripts\" security=\"restricted\" src=\"https:\/\/www.cecubogroup.com\/pt\/blog\/seminario-de-comunicacion-politica-en-la-uporto\/embed\/\" width=\"600\" height=\"338\" title=\"&#8220;Seminario de Comunicaci\u00f3n Pol\u00edtica en la U.Porto&#8221; &#8212; Cecubo Group\" frameborder=\"0\" marginwidth=\"0\" marginheight=\"0\" scrolling=\"no\" class=\"wp-embedded-content\"><\/iframe>","thumbnail_url":"https:\/\/www.cecubogroup.com\/wp-content\/uploads\/2021\/01\/oporto_boris_gayoso-1508868282.jpg","thumbnail_width":1,"thumbnail_height":1,"description":"Ma\u00f1ana d\u00eda 23 tendremos el gusto de participar en el Seminario de Comunica\u00e7ao Pol\u00edtica, perteneciente al Mestrado em Ciencias da Comunica\u00e7ao, que organiza en este mes de febrero la Universidad de Porto."}